{"id":3696,"date":"2021-08-31T12:27:36","date_gmt":"2021-08-31T12:27:36","guid":{"rendered":"https:\/\/olivierpalatre.com\/publications\/"},"modified":"2021-08-31T12:32:28","modified_gmt":"2021-08-31T12:32:28","slug":"publications","status":"publish","type":"page","link":"https:\/\/olivierpalatre.com\/en\/publications\/","title":{"rendered":"Publications"},"content":{"rendered":"\n[et_pb_section fb_built=&#8221;1&#8243; admin_label=&#8221;Section&#8221; _builder_version=&#8221;4.9.4&#8243; _module_preset=&#8221;default&#8221; background_color=&#8221;#FFFFFF&#8221; custom_padding=&#8221;||0px||false|false&#8221; locked=&#8221;off&#8221;][et_pb_row use_custom_gutter=&#8221;on&#8221; gutter_width=&#8221;2&#8243; custom_padding_last_edited=&#8221;on|phone&#8221; _builder_version=&#8221;4.9.4&#8243; _module_preset=&#8221;default&#8221; width=&#8221;100%&#8221; max_width=&#8221;95%&#8221; custom_padding=&#8221;7vh||0px||false|false&#8221; custom_padding_tablet=&#8221;9vh||||false|false&#8221; custom_padding_phone=&#8221;10vh||||false|false&#8221;][et_pb_column type=&#8221;4_4&#8243; _builder_version=&#8221;4.9.4&#8243; _module_preset=&#8221;default&#8221;][et_pb_text _builder_version=&#8221;4.9.7&#8243; _module_preset=&#8221;default&#8221; header_font_size=&#8221;45px&#8221; header_2_font_size=&#8221;45px&#8221; custom_margin=&#8221;||0px||false|false&#8221; custom_padding=&#8221;||||false|false&#8221; hover_enabled=&#8221;0&#8243; header_font_size_tablet=&#8221;35px&#8221; header_font_size_phone=&#8221;30px&#8221; header_font_size_last_edited=&#8221;on|phone&#8221; sticky_enabled=&#8221;0&#8243;]<h1>PU<span style=\"color: #0095d9\">B<\/span>LIC<span style=\"color: #0095d9\">AT<\/span>IONS<\/h1>[\/et_pb_text][et_pb_divider color=&#8221;#0095d9&#8243; divider_weight=&#8221;2px&#8221; _builder_version=&#8221;4.9.7&#8243; _module_preset=&#8221;default&#8221; width=&#8221;31%&#8221; custom_margin=&#8221;||0px||false|false&#8221; custom_padding=&#8221;||0%||false|false&#8221; hover_enabled=&#8221;0&#8243; sticky_enabled=&#8221;0&#8243;][\/et_pb_divider][\/et_pb_column][\/et_pb_row][\/et_pb_section][et_pb_section fb_built=&#8221;1&#8243; module_id=&#8221;projetstest&#8221; _builder_version=&#8221;4.9.7&#8243; _module_preset=&#8221;default&#8221; custom_padding=&#8221;0px||0px||false|false&#8221;][et_pb_row column_structure=&#8221;1_3,1_3,1_3&#8243; _builder_version=&#8221;4.9.7&#8243; _module_preset=&#8221;default&#8221; width=&#8221;90%&#8221; max_width=&#8221;90%&#8221;][et_pb_column type=&#8221;1_3&#8243; _builder_version=&#8221;4.9.7&#8243; _module_preset=&#8221;default&#8221;][et_pb_text _builder_version=&#8221;4.9.7&#8243; _module_preset=&#8221;default&#8221; text_text_color=&#8221;#0095d9&#8243; text_font_size=&#8221;22px&#8221; custom_margin=&#8221;||1%||false|false&#8221;]22 juin 2021\n<h2>Mention sp\u00e9ciale pour le Multiplex de B\u00e9thune &#8211; architizer.com<\/h2>[\/et_pb_text][dipl_masonry_gallery image_ids=&#8221;2608&#8243; number_of_columns=&#8221;1&#8243; image_size=&#8221;full&#8221; enable_lightbox=&#8221;on&#8221; _builder_version=&#8221;4.9.7&#8243; _module_preset=&#8221;default&#8221; custom_margin=&#8221;||2%||false|false&#8221; custom_padding=&#8221;||0px||false|false&#8221;][\/dipl_masonry_gallery][et_pb_button button_url=&#8221;https:\/\/architizer.com\/projects\/multiplex-bethune\/&#8221; url_new_window=&#8221;on&#8221; button_text=&#8221;Lire l&#8217;article&#8221; button_alignment=&#8221;center&#8221; _builder_version=&#8221;4.9.7&#8243; _module_preset=&#8221;default&#8221; custom_button=&#8221;on&#8221; button_text_color=&#8221;#FFFFFF&#8221; button_bg_color=&#8221;#0095d9&#8243; button_bg_color_gradient_start=&#8221;#16007c&#8221; button_bg_color_gradient_end=&#8221;rgba(0,149,217,0.3)&#8221; button_bg_color_gradient_direction=&#8221;58deg&#8221; button_bg_color_gradient_start_position=&#8221;40%&#8221; button_border_width=&#8221;0px&#8221; button_border_radius=&#8221;0px&#8221; button_font=&#8221;|||on|||||&#8221;][\/et_pb_button][\/et_pb_column][et_pb_column type=&#8221;1_3&#8243; _builder_version=&#8221;4.9.7&#8243; _module_preset=&#8221;default&#8221;][\/et_pb_column][et_pb_column type=&#8221;1_3&#8243; _builder_version=&#8221;4.9.7&#8243; _module_preset=&#8221;default&#8221;][\/et_pb_column][\/et_pb_row][et_pb_row column_structure=&#8221;1_3,1_3,1_3&#8243; _builder_version=&#8221;4.9.7&#8243; _module_preset=&#8221;default&#8221; width=&#8221;90%&#8221; max_width=&#8221;90%&#8221;][et_pb_column type=&#8221;1_3&#8243; _builder_version=&#8221;4.9.7&#8243; _module_preset=&#8221;default&#8221;][et_pb_text _builder_version=&#8221;4.9.7&#8243; _module_preset=&#8221;default&#8221; text_text_color=&#8221;#0095d9&#8243; text_font_size=&#8221;22px&#8221; custom_margin=&#8221;||1%||false|false&#8221;]4 mais 2021\n<h2>\u00c0 Biarritz, le cin\u00e9ma Le Royal a trouv\u00e9 son repreneur &#8211; Boxofficepro.fr<\/h2>[\/et_pb_text][dipl_masonry_gallery image_ids=&#8221;2606&#8243; number_of_columns=&#8221;1&#8243; image_size=&#8221;full&#8221; enable_lightbox=&#8221;on&#8221; _builder_version=&#8221;4.9.7&#8243; _module_preset=&#8221;default&#8221; custom_margin=&#8221;||2%||false|false&#8221; custom_padding=&#8221;||0px||false|false&#8221;][\/dipl_masonry_gallery][et_pb_button button_url=&#8221;https:\/\/www.boxofficepro.fr\/a-biarritz-le-cinema-le-royal-a-trouve-son-repreneur\/&#8221; url_new_window=&#8221;on&#8221; button_text=&#8221;Lire l&#8217;article&#8221; button_alignment=&#8221;center&#8221; _builder_version=&#8221;4.9.7&#8243; _module_preset=&#8221;default&#8221; custom_button=&#8221;on&#8221; button_text_color=&#8221;#FFFFFF&#8221; button_bg_color=&#8221;#0095d9&#8243; button_bg_color_gradient_start=&#8221;#16007c&#8221; button_bg_color_gradient_end=&#8221;rgba(0,149,217,0.3)&#8221; button_bg_color_gradient_direction=&#8221;58deg&#8221; button_bg_color_gradient_start_position=&#8221;40%&#8221; button_border_width=&#8221;0px&#8221; button_border_radius=&#8221;0px&#8221; button_font=&#8221;|||on|||||&#8221;][\/et_pb_button][\/et_pb_column][et_pb_column type=&#8221;1_3&#8243; _builder_version=&#8221;4.9.7&#8243; _module_preset=&#8221;default&#8221;][et_pb_text _builder_version=&#8221;4.9.7&#8243; _module_preset=&#8221;default&#8221; text_text_color=&#8221;#0095d9&#8243; text_font_size=&#8221;22px&#8221; custom_margin=&#8221;||1%||false|false&#8221;]14 avr. 2021\n<h2>La cour administrative d&#8217;appel de Paris rejette les recours d\u00e9pos\u00e9s contre Etoile Voltaire &#8211; Le Film Fran\u00e7ais<\/h2>[\/et_pb_text][dipl_masonry_gallery image_ids=&#8221;323&#8243; number_of_columns=&#8221;1&#8243; image_size=&#8221;full&#8221; enable_lightbox=&#8221;on&#8221; _builder_version=&#8221;4.9.7&#8243; _module_preset=&#8221;default&#8221; custom_margin=&#8221;||2%||false|false&#8221; custom_padding=&#8221;||0px||false|false&#8221;][\/dipl_masonry_gallery][et_pb_button button_url=&#8221;http:\/\/www.lefilmfrancais.com\/cinema\/151331\/la-cour-administrative-d-appel-de-paris-rejette-les-recours-deposes-contre-etoile-voltaire&#8221; url_new_window=&#8221;on&#8221; button_text=&#8221;Lire l&#8217;article&#8221; button_alignment=&#8221;center&#8221; _builder_version=&#8221;4.9.7&#8243; _module_preset=&#8221;default&#8221; custom_button=&#8221;on&#8221; button_text_color=&#8221;#FFFFFF&#8221; button_bg_color=&#8221;#0095d9&#8243; button_bg_color_gradient_start=&#8221;#16007c&#8221; button_bg_color_gradient_end=&#8221;rgba(0,149,217,0.3)&#8221; button_bg_color_gradient_direction=&#8221;58deg&#8221; button_bg_color_gradient_start_position=&#8221;40%&#8221; button_border_width=&#8221;0px&#8221; button_border_radius=&#8221;0px&#8221; button_font=&#8221;|||on|||||&#8221;][\/et_pb_button][\/et_pb_column][et_pb_column type=&#8221;1_3&#8243; _builder_version=&#8221;4.9.7&#8243; _module_preset=&#8221;default&#8221;][et_pb_text _builder_version=&#8221;4.9.7&#8243; _module_preset=&#8221;default&#8221; text_text_color=&#8221;#0095d9&#8243; text_font_size=&#8221;22px&#8221; custom_margin=&#8221;||1%||false|false&#8221;]18 mars 2021 \n<h2>Cin\u00e9mas verts, cin\u00e9mas de demain &#8211; Chroniques-architecture.com<\/h2>[\/et_pb_text][et_pb_video src=&#8221;https:\/\/www.youtube.com\/watch?v=uxXZAkoy-dY&amp;t=6s&#8221; _builder_version=&#8221;4.9.7&#8243; _module_preset=&#8221;default&#8221;][\/et_pb_video][et_pb_button button_url=&#8221;https:\/\/futur-cinema.com\/fr\/ressources\/cinemas-verts-cinemas-de-demain&#8221; url_new_window=&#8221;on&#8221; button_text=&#8221;Lire l&#8217;article&#8221; button_alignment=&#8221;center&#8221; _builder_version=&#8221;4.9.7&#8243; _module_preset=&#8221;default&#8221; custom_button=&#8221;on&#8221; button_text_color=&#8221;#FFFFFF&#8221; button_bg_color=&#8221;#0095d9&#8243; button_bg_color_gradient_start=&#8221;#16007c&#8221; button_bg_color_gradient_end=&#8221;rgba(0,149,217,0.3)&#8221; button_bg_color_gradient_direction=&#8221;58deg&#8221; button_bg_color_gradient_start_position=&#8221;40%&#8221; button_border_width=&#8221;0px&#8221; button_border_radius=&#8221;0px&#8221; button_font=&#8221;|||on|||||&#8221;][\/et_pb_button][\/et_pb_column][\/et_pb_row][et_pb_row column_structure=&#8221;1_3,1_3,1_3&#8243; _builder_version=&#8221;4.9.7&#8243; _module_preset=&#8221;default&#8221; width=&#8221;90%&#8221; max_width=&#8221;90%&#8221;][et_pb_column type=&#8221;1_3&#8243; _builder_version=&#8221;4.9.7&#8243; _module_preset=&#8221;default&#8221;][et_pb_text _builder_version=&#8221;4.9.7&#8243; _module_preset=&#8221;default&#8221; text_text_color=&#8221;#0095d9&#8243; text_font_size=&#8221;22px&#8221; custom_margin=&#8221;||1%||false|false&#8221;]27 nov. 2020\n<h2>B\u00e9thune : le nouveau multiplexe affiche son \u00e9cran de m\u00e9tal &#8211; Le moniteur<\/h2>[\/et_pb_text][dipl_masonry_gallery image_ids=&#8221;1510&#8243; number_of_columns=&#8221;1&#8243; image_size=&#8221;full&#8221; enable_lightbox=&#8221;on&#8221; _builder_version=&#8221;4.9.7&#8243; _module_preset=&#8221;default&#8221; custom_margin=&#8221;||2%||false|false&#8221; custom_padding=&#8221;||0px||false|false&#8221;][\/dipl_masonry_gallery][et_pb_button button_url=&#8221;https:\/\/www.lemoniteur.fr\/article\/bethune-le-nouveau-multiplexe-affiche-son-ecran-de-metal.2117599&#8243; url_new_window=&#8221;on&#8221; button_text=&#8221;Lire l&#8217;article&#8221; button_alignment=&#8221;center&#8221; _builder_version=&#8221;4.9.7&#8243; _module_preset=&#8221;default&#8221; custom_button=&#8221;on&#8221; button_text_color=&#8221;#FFFFFF&#8221; button_bg_color=&#8221;#0095d9&#8243; button_bg_color_gradient_start=&#8221;#16007c&#8221; button_bg_color_gradient_end=&#8221;rgba(0,149,217,0.3)&#8221; button_bg_color_gradient_direction=&#8221;58deg&#8221; button_bg_color_gradient_start_position=&#8221;40%&#8221; button_border_width=&#8221;0px&#8221; button_border_radius=&#8221;0px&#8221; button_font=&#8221;|||on|||||&#8221;][\/et_pb_button][\/et_pb_column][et_pb_column type=&#8221;1_3&#8243; _builder_version=&#8221;4.9.7&#8243; _module_preset=&#8221;default&#8221;][et_pb_text _builder_version=&#8221;4.9.7&#8243; _module_preset=&#8221;default&#8221; text_text_color=&#8221;#0095d9&#8243; text_font_size=&#8221;22px&#8221; custom_margin=&#8221;||1%||false|false&#8221;]<p>27 oct. 2020<\/p>\n<h2>From Broadway to the opera, the show of lights in legacy &#8211; gooood.cn<\/h2>[\/et_pb_text][dipl_masonry_gallery image_ids=&#8221;2601&#8243; number_of_columns=&#8221;1&#8243; image_size=&#8221;full&#8221; enable_lightbox=&#8221;on&#8221; _builder_version=&#8221;4.9.7&#8243; _module_preset=&#8221;default&#8221; custom_margin=&#8221;||2%||false|false&#8221; custom_padding=&#8221;||0px||false|false&#8221;][\/dipl_masonry_gallery][et_pb_button button_url=&#8221;https:\/\/www.gooood.cn\/multiplex-etoile-cinemas-by-olivier-palatre-architectes.htm&#8221; url_new_window=&#8221;on&#8221; button_text=&#8221;Lire l&#8217;article&#8221; button_alignment=&#8221;center&#8221; _builder_version=&#8221;4.9.7&#8243; _module_preset=&#8221;default&#8221; custom_button=&#8221;on&#8221; button_text_color=&#8221;#FFFFFF&#8221; button_bg_color=&#8221;#0095d9&#8243; button_bg_color_gradient_start=&#8221;#16007c&#8221; button_bg_color_gradient_end=&#8221;rgba(0,149,217,0.3)&#8221; button_bg_color_gradient_direction=&#8221;58deg&#8221; button_bg_color_gradient_start_position=&#8221;40%&#8221; button_border_width=&#8221;0px&#8221; button_border_radius=&#8221;0px&#8221; button_font=&#8221;|||on|||||&#8221;][\/et_pb_button][\/et_pb_column][et_pb_column type=&#8221;1_3&#8243; _builder_version=&#8221;4.9.7&#8243; _module_preset=&#8221;default&#8221;][et_pb_text _builder_version=&#8221;4.9.7&#8243; _module_preset=&#8221;default&#8221; text_text_color=&#8221;#0095d9&#8243; text_font_size=&#8221;22px&#8221; custom_margin=&#8221;||1%||false|false&#8221;]5 oct. 2020\n<h2>A B\u00e9thune, l\u2019\u00e9toile du cin\u00e9ma, c\u2019est Olivier Palatre ? &#8211; Chroniques-architecture.com<\/h2>[\/et_pb_text][dipl_masonry_gallery image_ids=&#8221;2598&#8243; number_of_columns=&#8221;1&#8243; image_size=&#8221;full&#8221; enable_lightbox=&#8221;on&#8221; _builder_version=&#8221;4.9.7&#8243; _module_preset=&#8221;default&#8221; custom_margin=&#8221;||2%||false|false&#8221; custom_padding=&#8221;||0px||false|false&#8221;][\/dipl_masonry_gallery][et_pb_button button_url=&#8221;https:\/\/chroniques-architecture.com\/a-bethune-etoile-cinema-olivier-palatre\/&#8221; url_new_window=&#8221;on&#8221; button_text=&#8221;Lire l&#8217;article&#8221; button_alignment=&#8221;center&#8221; _builder_version=&#8221;4.9.7&#8243; _module_preset=&#8221;default&#8221; custom_button=&#8221;on&#8221; button_text_color=&#8221;#FFFFFF&#8221; button_bg_color=&#8221;#0095d9&#8243; button_bg_color_gradient_start=&#8221;#16007c&#8221; button_bg_color_gradient_end=&#8221;rgba(0,149,217,0.3)&#8221; button_bg_color_gradient_direction=&#8221;58deg&#8221; button_bg_color_gradient_start_position=&#8221;40%&#8221; button_border_width=&#8221;0px&#8221; button_border_radius=&#8221;0px&#8221; button_font=&#8221;|||on|||||&#8221;][\/et_pb_button][\/et_pb_column][\/et_pb_row][et_pb_row column_structure=&#8221;1_3,1_3,1_3&#8243; _builder_version=&#8221;4.9.7&#8243; _module_preset=&#8221;default&#8221; width=&#8221;90%&#8221; max_width=&#8221;90%&#8221;][et_pb_column type=&#8221;1_3&#8243; _builder_version=&#8221;4.9.7&#8243; _module_preset=&#8221;default&#8221;][et_pb_text _builder_version=&#8221;4.9.7&#8243; _module_preset=&#8221;default&#8221; text_text_color=&#8221;#0095d9&#8243; text_font_size=&#8221;22px&#8221; custom_margin=&#8221;||1%||false|false&#8221;]6 juill. 2020\n<h2>A B\u00e9thune, le cin\u00e9ma ouvre enfin, apr\u00e8s avoir subi le confinement &#8211; France 3<\/h2>[\/et_pb_text][et_pb_video src=&#8221;https:\/\/www.youtube.com\/watch?v=R-NimtjOU24&#8243; _builder_version=&#8221;4.9.7&#8243; _module_preset=&#8221;default&#8221;][\/et_pb_video][et_pb_button button_url=&#8221;https:\/\/france3-regions.francetvinfo.fr\/hauts-de-france\/pas-calais\/bethune\/bethune-cinema-ouvre-enfin-1850620.html&#8221; url_new_window=&#8221;on&#8221; button_text=&#8221;Lire l&#8217;article&#8221; button_alignment=&#8221;center&#8221; _builder_version=&#8221;4.9.7&#8243; _module_preset=&#8221;default&#8221; custom_button=&#8221;on&#8221; button_text_color=&#8221;#FFFFFF&#8221; button_bg_color=&#8221;#0095d9&#8243; button_bg_color_gradient_start=&#8221;#16007c&#8221; button_bg_color_gradient_end=&#8221;rgba(0,149,217,0.3)&#8221; button_bg_color_gradient_direction=&#8221;58deg&#8221; button_bg_color_gradient_start_position=&#8221;40%&#8221; button_border_width=&#8221;0px&#8221; button_border_radius=&#8221;0px&#8221; button_font=&#8221;|||on|||||&#8221;][\/et_pb_button][\/et_pb_column][et_pb_column type=&#8221;1_3&#8243; _builder_version=&#8221;4.9.7&#8243; _module_preset=&#8221;default&#8221;][et_pb_text _builder_version=&#8221;4.9.7&#8243; _module_preset=&#8221;default&#8221; text_text_color=&#8221;#0095d9&#8243; text_font_size=&#8221;22px&#8221; custom_margin=&#8221;||1%||false|false&#8221;]<p>26 fev. 2020<\/p>\n<h2>Le projet de cin\u00e9ma \u00c9toile Voltaire \u00e0 Paris confirm\u00e9 &#8211; Boxofficepro.fr<\/h2>[\/et_pb_text][dipl_masonry_gallery image_ids=&#8221;2580&#8243; number_of_columns=&#8221;1&#8243; image_size=&#8221;full&#8221; enable_lightbox=&#8221;on&#8221; _builder_version=&#8221;4.9.7&#8243; _module_preset=&#8221;default&#8221; custom_margin=&#8221;||2%||false|false&#8221; custom_padding=&#8221;||0px||false|false&#8221;][\/dipl_masonry_gallery][et_pb_button button_url=&#8221;https:\/\/www.boxofficepro.fr\/le-projet-de-cinema-etoile-voltaire-a-paris-confirme\/&#8221; url_new_window=&#8221;on&#8221; button_text=&#8221;Lire l&#8217;article&#8221; button_alignment=&#8221;center&#8221; _builder_version=&#8221;4.9.7&#8243; _module_preset=&#8221;default&#8221; custom_button=&#8221;on&#8221; button_text_color=&#8221;#FFFFFF&#8221; button_bg_color=&#8221;#0095d9&#8243; button_bg_color_gradient_start=&#8221;#16007c&#8221; button_bg_color_gradient_end=&#8221;rgba(0,149,217,0.3)&#8221; button_bg_color_gradient_direction=&#8221;58deg&#8221; button_bg_color_gradient_start_position=&#8221;40%&#8221; button_border_width=&#8221;0px&#8221; button_border_radius=&#8221;0px&#8221; button_font=&#8221;|||on|||||&#8221;][\/et_pb_button][\/et_pb_column][et_pb_column type=&#8221;1_3&#8243; _builder_version=&#8221;4.9.7&#8243; _module_preset=&#8221;default&#8221;][et_pb_text _builder_version=&#8221;4.9.7&#8243; _module_preset=&#8221;default&#8221; text_text_color=&#8221;#0095d9&#8243; text_font_size=&#8221;22px&#8221; custom_margin=&#8221;||1%||false|false&#8221;]26 f\u00e9v. 2020  \n<h2>Nouveau feu vert pour l&#8217;Etoile Voltaire \u00e0 Paris &#8211; Le Film Fran\u00e7ais<\/h2>[\/et_pb_text][dipl_masonry_gallery image_ids=&#8221;2592&#8243; number_of_columns=&#8221;1&#8243; image_size=&#8221;full&#8221; enable_lightbox=&#8221;on&#8221; _builder_version=&#8221;4.9.7&#8243; _module_preset=&#8221;default&#8221; custom_margin=&#8221;||2%||false|false&#8221; custom_padding=&#8221;||0px||false|false&#8221;][\/dipl_masonry_gallery][et_pb_button button_url=&#8221;http:\/\/www.lefilmfrancais.com\/cinema\/145749\/nouveau-feu-vert-pour-l-etoile-voltaire-paris&#8221; url_new_window=&#8221;on&#8221; button_text=&#8221;Lire l&#8217;article&#8221; button_alignment=&#8221;center&#8221; _builder_version=&#8221;4.9.7&#8243; _module_preset=&#8221;default&#8221; custom_button=&#8221;on&#8221; button_text_color=&#8221;#FFFFFF&#8221; button_bg_color=&#8221;#0095d9&#8243; button_bg_color_gradient_start=&#8221;#16007c&#8221; button_bg_color_gradient_end=&#8221;rgba(0,149,217,0.3)&#8221; button_bg_color_gradient_direction=&#8221;58deg&#8221; button_bg_color_gradient_start_position=&#8221;40%&#8221; button_border_width=&#8221;0px&#8221; button_border_radius=&#8221;0px&#8221; button_font=&#8221;|||on|||||&#8221;][\/et_pb_button][\/et_pb_column][\/et_pb_row][et_pb_row column_structure=&#8221;1_3,1_3,1_3&#8243; _builder_version=&#8221;4.9.7&#8243; _module_preset=&#8221;default&#8221; width=&#8221;90%&#8221; max_width=&#8221;90%&#8221;][et_pb_column type=&#8221;1_3&#8243; _builder_version=&#8221;4.9.7&#8243; _module_preset=&#8221;default&#8221;][et_pb_text _builder_version=&#8221;4.9.7&#8243; _module_preset=&#8221;default&#8221; text_text_color=&#8221;#0095d9&#8243; text_font_size=&#8221;22px&#8221; custom_margin=&#8221;||1%||false|false&#8221;]14 janv. 2020  \n<h2>Pour sa cr\u00e8che \u00e0 Paris, Olivier Palatre a fait tr\u00e8s attention &#8211; Chroniques Architecture<\/h2>[\/et_pb_text][dipl_masonry_gallery image_ids=&#8221;2588&#8243; number_of_columns=&#8221;1&#8243; image_size=&#8221;full&#8221; enable_lightbox=&#8221;on&#8221; _builder_version=&#8221;4.9.7&#8243; _module_preset=&#8221;default&#8221; custom_margin=&#8221;||2%||false|false&#8221; custom_padding=&#8221;||0px||false|false&#8221;][\/dipl_masonry_gallery][et_pb_button button_url=&#8221;https:\/\/chroniques-architecture.com\/creche-paris-olivier-palatre\/&#8221; url_new_window=&#8221;on&#8221; button_text=&#8221;Lire l&#8217;article&#8221; button_alignment=&#8221;center&#8221; _builder_version=&#8221;4.9.7&#8243; _module_preset=&#8221;default&#8221; custom_button=&#8221;on&#8221; button_text_color=&#8221;#FFFFFF&#8221; button_bg_color=&#8221;#0095d9&#8243; button_bg_color_gradient_start=&#8221;#16007c&#8221; button_bg_color_gradient_end=&#8221;rgba(0,149,217,0.3)&#8221; button_bg_color_gradient_direction=&#8221;58deg&#8221; button_bg_color_gradient_start_position=&#8221;40%&#8221; button_border_width=&#8221;0px&#8221; button_border_radius=&#8221;0px&#8221; button_font=&#8221;|||on|||||&#8221;][\/et_pb_button][\/et_pb_column][et_pb_column type=&#8221;1_3&#8243; _builder_version=&#8221;4.9.7&#8243; _module_preset=&#8221;default&#8221;][et_pb_text _builder_version=&#8221;4.9.7&#8243; _module_preset=&#8221;default&#8221; text_text_color=&#8221;#0095d9&#8243; text_font_size=&#8221;22px&#8221; custom_margin=&#8221;||1%||false|false&#8221;]11 oct. 2018\n<h2>Meiji, Splendeurs du Japon imp\u00e9rial (1868-1912) &#8211; Guimet.fr<\/h2>[\/et_pb_text][et_pb_video src=&#8221;https:\/\/www.youtube.com\/watch?v=q7g4lPKHyRo&amp;t=2s&#8221; _builder_version=&#8221;4.9.7&#8243; _module_preset=&#8221;default&#8221;][\/et_pb_video][et_pb_button button_url=&#8221;https:\/\/www.guimet.fr\/event\/meiji-1868-1912\/?fbclid=IwAR3ZjzfCAyzLIFbmVrM7Y-kHGIZH5sUNPRn1NGFLUQBLlaDtFwSpXMP-VLM&#8221; url_new_window=&#8221;on&#8221; button_text=&#8221;Lire l&#8217;article&#8221; button_alignment=&#8221;center&#8221; _builder_version=&#8221;4.9.7&#8243; _module_preset=&#8221;default&#8221; custom_button=&#8221;on&#8221; button_text_color=&#8221;#FFFFFF&#8221; button_bg_color=&#8221;#0095d9&#8243; button_bg_color_gradient_start=&#8221;#16007c&#8221; button_bg_color_gradient_end=&#8221;rgba(0,149,217,0.3)&#8221; button_bg_color_gradient_direction=&#8221;58deg&#8221; button_bg_color_gradient_start_position=&#8221;40%&#8221; button_border_width=&#8221;0px&#8221; button_border_radius=&#8221;0px&#8221; button_font=&#8221;|||on|||||&#8221;][\/et_pb_button][\/et_pb_column][et_pb_column type=&#8221;1_3&#8243; _builder_version=&#8221;4.9.7&#8243; _module_preset=&#8221;default&#8221;][et_pb_text _builder_version=&#8221;4.9.7&#8243; _module_preset=&#8221;default&#8221; text_text_color=&#8221;#0095d9&#8243; text_font_size=&#8221;22px&#8221; custom_margin=&#8221;||1%||false|false&#8221;]30 mars 2018 \n<h2>Etoile Voltaire : la mairie de Paris et Etoile Cin\u00e9mas gagnent en appel &#8211; Le film Fran\u00e7ais<\/h2>[\/et_pb_text][dipl_masonry_gallery image_ids=&#8221;2585&#8243; number_of_columns=&#8221;1&#8243; image_size=&#8221;full&#8221; enable_lightbox=&#8221;on&#8221; _builder_version=&#8221;4.9.7&#8243; _module_preset=&#8221;default&#8221; custom_margin=&#8221;||2%||false|false&#8221; custom_padding=&#8221;||0px||false|false&#8221;][\/dipl_masonry_gallery][et_pb_button button_url=&#8221;http:\/\/www.lefilmfrancais.com\/cinema\/136425\/etoile-voltaire-la-mairie-de-paris-et-etoile-cinemas-gagnent-en-appel?fbclid=IwAR31M4D4xchuiwqFAr2X48pRfLiz4Ry5pc4oYOj7K95C4fY5qjxXXKj5yIU&#8221; url_new_window=&#8221;on&#8221; button_text=&#8221;Lire l&#8217;article&#8221; button_alignment=&#8221;center&#8221; _builder_version=&#8221;4.9.7&#8243; _module_preset=&#8221;default&#8221; custom_button=&#8221;on&#8221; button_text_color=&#8221;#FFFFFF&#8221; button_bg_color=&#8221;#0095d9&#8243; button_bg_color_gradient_start=&#8221;#16007c&#8221; button_bg_color_gradient_end=&#8221;rgba(0,149,217,0.3)&#8221; button_bg_color_gradient_direction=&#8221;58deg&#8221; button_bg_color_gradient_start_position=&#8221;40%&#8221; button_border_width=&#8221;0px&#8221; button_border_radius=&#8221;0px&#8221; button_font=&#8221;|||on|||||&#8221;][\/et_pb_button][\/et_pb_column][\/et_pb_row][et_pb_row column_structure=&#8221;1_3,1_3,1_3&#8243; _builder_version=&#8221;4.9.7&#8243; _module_preset=&#8221;default&#8221; width=&#8221;90%&#8221; max_width=&#8221;90%&#8221;][et_pb_column type=&#8221;1_3&#8243; _builder_version=&#8221;4.9.7&#8243; _module_preset=&#8221;default&#8221;][et_pb_text _builder_version=&#8221;4.9.7&#8243; _module_preset=&#8221;default&#8221; text_text_color=&#8221;#0095d9&#8243; text_font_size=&#8221;22px&#8221; custom_margin=&#8221;||1%||false|false&#8221;]16 janv. 2017\n<h2>R\u00e9inventer la Seine : 72 finalistes &#8211; Le Moniteur<\/h2>[\/et_pb_text][dipl_masonry_gallery image_ids=&#8221;2582&#8243; number_of_columns=&#8221;1&#8243; image_size=&#8221;full&#8221; enable_lightbox=&#8221;on&#8221; _builder_version=&#8221;4.9.7&#8243; _module_preset=&#8221;default&#8221; custom_margin=&#8221;||2%||false|false&#8221; custom_padding=&#8221;||0px||false|false&#8221;][\/dipl_masonry_gallery][et_pb_button button_url=&#8221;https:\/\/www.lemoniteur.fr\/article\/reinventer-la-seine-72-finalistes.502154&#8243; url_new_window=&#8221;on&#8221; button_text=&#8221;Lire l&#8217;article&#8221; button_alignment=&#8221;center&#8221; _builder_version=&#8221;4.9.7&#8243; _module_preset=&#8221;default&#8221; custom_button=&#8221;on&#8221; button_text_color=&#8221;#FFFFFF&#8221; button_bg_color=&#8221;#0095d9&#8243; button_bg_color_gradient_start=&#8221;#16007c&#8221; button_bg_color_gradient_end=&#8221;rgba(0,149,217,0.3)&#8221; button_bg_color_gradient_direction=&#8221;58deg&#8221; button_bg_color_gradient_start_position=&#8221;40%&#8221; button_border_width=&#8221;0px&#8221; button_border_radius=&#8221;0px&#8221; button_font=&#8221;|||on|||||&#8221;][\/et_pb_button][\/et_pb_column][et_pb_column type=&#8221;1_3&#8243; _builder_version=&#8221;4.9.7&#8243; _module_preset=&#8221;default&#8221;][et_pb_text _builder_version=&#8221;4.9.7&#8243; _module_preset=&#8221;default&#8221; text_text_color=&#8221;#0095d9&#8243; text_font_size=&#8221;22px&#8221; custom_margin=&#8221;||1%||false|false&#8221;]3 fev. 2016\n<h2>\u00c9toile Voltaire, un nouveau lieu d&#8217;expression pour la SRF &#8211; La SRF<\/h2>[\/et_pb_text][dipl_masonry_gallery image_ids=&#8221;2580&#8243; number_of_columns=&#8221;1&#8243; image_size=&#8221;full&#8221; enable_lightbox=&#8221;on&#8221; _builder_version=&#8221;4.9.7&#8243; _module_preset=&#8221;default&#8221; custom_margin=&#8221;||2%||false|false&#8221; custom_padding=&#8221;||0px||false|false&#8221;][\/dipl_masonry_gallery][et_pb_button button_url=&#8221;https:\/\/www.la-srf.fr\/article\/%C3%A9toile-voltaire-un-nouveau-lieu-dexpression-pour-la-srf?fbclid=IwAR04ytkxtWSn9aCNdJkA9e2Sv_o70PZnzi3Un6vxutw-R1IA56sa67V6GIM&#8221; url_new_window=&#8221;on&#8221; button_text=&#8221;Lire l&#8217;article&#8221; button_alignment=&#8221;center&#8221; _builder_version=&#8221;4.9.7&#8243; _module_preset=&#8221;default&#8221; custom_button=&#8221;on&#8221; button_text_color=&#8221;#FFFFFF&#8221; button_bg_color=&#8221;#0095d9&#8243; button_bg_color_gradient_start=&#8221;#16007c&#8221; button_bg_color_gradient_end=&#8221;rgba(0,149,217,0.3)&#8221; button_bg_color_gradient_direction=&#8221;58deg&#8221; button_bg_color_gradient_start_position=&#8221;40%&#8221; button_border_width=&#8221;0px&#8221; button_border_radius=&#8221;0px&#8221; button_font=&#8221;|||on|||||&#8221;][\/et_pb_button][\/et_pb_column][et_pb_column type=&#8221;1_3&#8243; _builder_version=&#8221;4.9.7&#8243; _module_preset=&#8221;default&#8221;][et_pb_text _builder_version=&#8221;4.9.7&#8243; _module_preset=&#8221;default&#8221; text_text_color=&#8221;#0095d9&#8243; text_font_size=&#8221;22px&#8221; custom_margin=&#8221;||1%||false|false&#8221;]14 avr. 2015\n<h2>Le cin\u00e9ma se met en Seine &#8211; Le Figaro<\/h2>[\/et_pb_text][dipl_masonry_gallery image_ids=&#8221;2577&#8243; number_of_columns=&#8221;1&#8243; image_size=&#8221;full&#8221; enable_lightbox=&#8221;on&#8221; _builder_version=&#8221;4.9.7&#8243; _module_preset=&#8221;default&#8221; custom_margin=&#8221;||2%||false|false&#8221; custom_padding=&#8221;||0px||false|false&#8221;][\/dipl_masonry_gallery][et_pb_button button_url=&#8221;https:\/\/www.lefigaro.fr\/cinema\/2015\/04\/14\/03002-20150414ARTFIG00354-le-cinema-se-met-en-seine.php&#8221; url_new_window=&#8221;on&#8221; button_text=&#8221;Lire l&#8217;article&#8221; button_alignment=&#8221;center&#8221; _builder_version=&#8221;4.9.7&#8243; _module_preset=&#8221;default&#8221; custom_button=&#8221;on&#8221; button_text_color=&#8221;#FFFFFF&#8221; button_bg_color=&#8221;#0095d9&#8243; button_bg_color_gradient_start=&#8221;#16007c&#8221; button_bg_color_gradient_end=&#8221;rgba(0,149,217,0.3)&#8221; button_bg_color_gradient_direction=&#8221;58deg&#8221; button_bg_color_gradient_start_position=&#8221;40%&#8221; button_border_width=&#8221;0px&#8221; button_border_radius=&#8221;0px&#8221; button_font=&#8221;|||on|||||&#8221;][\/et_pb_button][\/et_pb_column][\/et_pb_row][et_pb_row column_structure=&#8221;1_3,1_3,1_3&#8243; _builder_version=&#8221;4.9.7&#8243; _module_preset=&#8221;default&#8221; width=&#8221;90%&#8221; max_width=&#8221;90%&#8221;][et_pb_column type=&#8221;1_3&#8243; _builder_version=&#8221;4.9.7&#8243; _module_preset=&#8221;default&#8221;][et_pb_text _builder_version=&#8221;4.9.7&#8243; _module_preset=&#8221;default&#8221; text_text_color=&#8221;#0095d9&#8243; text_font_size=&#8221;22px&#8221; custom_margin=&#8221;||1%||false|false&#8221;]<p>1 oct. 2014<\/p>\n<h2>IDEAT &#8220;hors-s\u00e9rie architecture&#8221;<\/h2>[\/et_pb_text][dipl_masonry_gallery image_ids=&#8221;2478,2499,2495,2497&#8243; number_of_columns=&#8221;2&#8243; image_size=&#8221;full&#8221; enable_lightbox=&#8221;on&#8221; _builder_version=&#8221;4.9.7&#8243; _module_preset=&#8221;default&#8221;][\/dipl_masonry_gallery][\/et_pb_column][et_pb_column type=&#8221;1_3&#8243; _builder_version=&#8221;4.9.7&#8243; _module_preset=&#8221;default&#8221;][et_pb_text _builder_version=&#8221;4.9.7&#8243; _module_preset=&#8221;default&#8221; text_text_color=&#8221;#0095d9&#8243; text_font_size=&#8221;22px&#8221; custom_margin=&#8221;||1%||false|false&#8221;]3 janv. 2013\n<h2>Prix international \u201cEUROPE 40 UNDER 40\u201c<\/h2>[\/et_pb_text][dipl_masonry_gallery image_ids=&#8221;2469&#8243; number_of_columns=&#8221;1&#8243; image_size=&#8221;full&#8221; enable_lightbox=&#8221;on&#8221; _builder_version=&#8221;4.9.7&#8243; _module_preset=&#8221;default&#8221;][\/dipl_masonry_gallery][et_pb_text _builder_version=&#8221;4.9.7&#8243; _module_preset=&#8221;default&#8221;]Olivier Palatre est laur\u00e9at du prix international \u201c EUROPE 40 UNDER 40\u201c.\n\nOrganis\u00e9 par le European Centre for Architecture Art Design and Urban Studies ainsi que le Chicago Athenaeum : \nMuseum of Architecture and Design, le prix r\u00e9compense les 40 architectes et designers les plus prometteurs de moins de 40 ans en Europe.\n\n\u00ab L&#8217;objectif principal de ce prix est de valoriser la prochaine g\u00e9n\u00e9ration d&#8217;architectes et de designers, de mettre en valeur le sens, la force et la valeur du design en Europe aujourd&#8217;hui \u00bb Kieran Colon, directeur du European Centre of Architecture Art Design.\n\nRetour[\/et_pb_text][\/et_pb_column][et_pb_column type=&#8221;1_3&#8243; _builder_version=&#8221;4.9.7&#8243; _module_preset=&#8221;default&#8221;][et_pb_text _builder_version=&#8221;4.9.7&#8243; _module_preset=&#8221;default&#8221; text_text_color=&#8221;#0095d9&#8243; text_font_size=&#8221;22px&#8221; custom_margin=&#8221;||1%||false|false&#8221;]21 nov. 2011\n<h2>intramuros<\/h2>[\/et_pb_text][dipl_masonry_gallery image_ids=&#8221;2482&#8243; number_of_columns=&#8221;1&#8243; image_size=&#8221;full&#8221; enable_lightbox=&#8221;on&#8221; _builder_version=&#8221;4.9.7&#8243; _module_preset=&#8221;default&#8221;][\/dipl_masonry_gallery][\/et_pb_column][\/et_pb_row][et_pb_row column_structure=&#8221;1_3,1_3,1_3&#8243; _builder_version=&#8221;4.9.7&#8243; _module_preset=&#8221;default&#8221; width=&#8221;90%&#8221; max_width=&#8221;90%&#8221;][et_pb_column type=&#8221;1_3&#8243; _builder_version=&#8221;4.9.7&#8243; _module_preset=&#8221;default&#8221;][et_pb_text _builder_version=&#8221;4.9.7&#8243; _module_preset=&#8221;default&#8221; text_text_color=&#8221;#0095d9&#8243; text_font_size=&#8221;22px&#8221; custom_margin=&#8221;||1%||false|false&#8221;]12 nov. 2011\n<h2>Le Monde<\/h2>[\/et_pb_text][dipl_masonry_gallery image_ids=&#8221;2485&#8243; number_of_columns=&#8221;1&#8243; image_size=&#8221;full&#8221; enable_lightbox=&#8221;on&#8221; _builder_version=&#8221;4.9.7&#8243; _module_preset=&#8221;default&#8221;][\/dipl_masonry_gallery][\/et_pb_column][et_pb_column type=&#8221;1_3&#8243; _builder_version=&#8221;4.9.7&#8243; _module_preset=&#8221;default&#8221;][et_pb_text _builder_version=&#8221;4.9.7&#8243; _module_preset=&#8221;default&#8221; text_text_color=&#8221;#0095d9&#8243; text_font_size=&#8221;22px&#8221; custom_margin=&#8221;||1%||false|false&#8221;]<p><span>7 nov. 2011<\/span><\/p>\n<h2>Le Parisien<\/h2>[\/et_pb_text][dipl_masonry_gallery image_ids=&#8221;2487&#8243; number_of_columns=&#8221;1&#8243; image_size=&#8221;full&#8221; enable_lightbox=&#8221;on&#8221; _builder_version=&#8221;4.9.7&#8243; _module_preset=&#8221;default&#8221;][\/dipl_masonry_gallery][\/et_pb_column][et_pb_column type=&#8221;1_3&#8243; _builder_version=&#8221;4.9.7&#8243; _module_preset=&#8221;default&#8221;][et_pb_text _builder_version=&#8221;4.9.7&#8243; _module_preset=&#8221;default&#8221; text_text_color=&#8221;#0095d9&#8243; text_font_size=&#8221;22px&#8221; custom_margin=&#8221;||1%||false|false&#8221;]30 sept. 2011\n<h2>Le.moniteur<\/h2>[\/et_pb_text][dipl_masonry_gallery image_ids=&#8221;2491,2489&#8243; number_of_columns=&#8221;2&#8243; image_size=&#8221;full&#8221; enable_lightbox=&#8221;on&#8221; _builder_version=&#8221;4.9.7&#8243; _module_preset=&#8221;default&#8221;][\/dipl_masonry_gallery][\/et_pb_column][\/et_pb_row][et_pb_row column_structure=&#8221;1_3,1_3,1_3&#8243; _builder_version=&#8221;4.9.7&#8243; _module_preset=&#8221;default&#8221; width=&#8221;90%&#8221; max_width=&#8221;90%&#8221;][et_pb_column type=&#8221;1_3&#8243; _builder_version=&#8221;4.9.7&#8243; _module_preset=&#8221;default&#8221;][et_pb_text _builder_version=&#8221;4.9.7&#8243; _module_preset=&#8221;default&#8221; text_text_color=&#8221;#0095d9&#8243; text_font_size=&#8221;22px&#8221; custom_margin=&#8221;||1%||false|false&#8221;]<p>26 sept. 2011<\/p>\n<h2>connaissance des arts<\/h2>[\/et_pb_text][dipl_masonry_gallery image_ids=&#8221;2511,2513,2515&#8243; number_of_columns=&#8221;3&#8243; image_size=&#8221;full&#8221; enable_lightbox=&#8221;on&#8221; _builder_version=&#8221;4.9.7&#8243; _module_preset=&#8221;default&#8221;][\/dipl_masonry_gallery][\/et_pb_column][et_pb_column type=&#8221;1_3&#8243; _builder_version=&#8221;4.9.7&#8243; _module_preset=&#8221;default&#8221;][et_pb_text _builder_version=&#8221;4.9.7&#8243; _module_preset=&#8221;default&#8221; text_text_color=&#8221;#0095d9&#8243; text_font_size=&#8221;22px&#8221; custom_margin=&#8221;||1%||false|false&#8221;]23 sept. 2011\n<h2>frame 50<\/h2>[\/et_pb_text][dipl_masonry_gallery image_ids=&#8221;2518,2520&#8243; number_of_columns=&#8221;2&#8243; image_size=&#8221;full&#8221; enable_lightbox=&#8221;on&#8221; _builder_version=&#8221;4.9.7&#8243; _module_preset=&#8221;default&#8221;][\/dipl_masonry_gallery][\/et_pb_column][et_pb_column type=&#8221;1_3&#8243; _builder_version=&#8221;4.9.7&#8243; _module_preset=&#8221;default&#8221;][et_pb_text _builder_version=&#8221;4.9.7&#8243; _module_preset=&#8221;default&#8221; text_text_color=&#8221;#0095d9&#8243; text_font_size=&#8221;22px&#8221; custom_margin=&#8221;||1%||false|false&#8221;]1 juin 2011\n<h2>ideat2<\/h2>[\/et_pb_text][dipl_masonry_gallery image_ids=&#8221;2522,2524&#8243; number_of_columns=&#8221;2&#8243; image_size=&#8221;full&#8221; enable_lightbox=&#8221;on&#8221; _builder_version=&#8221;4.9.7&#8243; _module_preset=&#8221;default&#8221;][\/dipl_masonry_gallery][\/et_pb_column][\/et_pb_row][et_pb_row column_structure=&#8221;1_3,1_3,1_3&#8243; _builder_version=&#8221;4.9.7&#8243; _module_preset=&#8221;default&#8221; width=&#8221;90%&#8221; max_width=&#8221;90%&#8221;][et_pb_column type=&#8221;1_3&#8243; _builder_version=&#8221;4.9.7&#8243; _module_preset=&#8221;default&#8221;][et_pb_text _builder_version=&#8221;4.9.7&#8243; _module_preset=&#8221;default&#8221; text_text_color=&#8221;#0095d9&#8243; text_font_size=&#8221;22px&#8221; custom_margin=&#8221;||1%||false|false&#8221;]1 mai 2011\n<h2>Frame<\/h2>[\/et_pb_text][dipl_masonry_gallery image_ids=&#8221;2526,2528,2401&#8243; number_of_columns=&#8221;3&#8243; image_size=&#8221;full&#8221; enable_lightbox=&#8221;on&#8221; _builder_version=&#8221;4.9.7&#8243; _module_preset=&#8221;default&#8221;][\/dipl_masonry_gallery][\/et_pb_column][et_pb_column type=&#8221;1_3&#8243; _builder_version=&#8221;4.9.7&#8243; _module_preset=&#8221;default&#8221;][et_pb_text _builder_version=&#8221;4.9.7&#8243; _module_preset=&#8221;default&#8221; text_text_color=&#8221;#0095d9&#8243; text_font_size=&#8221;22px&#8221; custom_margin=&#8221;||1%||false|false&#8221;]1 avril 2011\n<h2>Intreriors creation<\/h2>[\/et_pb_text][dipl_masonry_gallery image_ids=&#8221;2530,2532,2534,2536,2538&#8243; number_of_columns=&#8221;2&#8243; image_size=&#8221;full&#8221; enable_lightbox=&#8221;on&#8221; _builder_version=&#8221;4.9.7&#8243; _module_preset=&#8221;default&#8221;][\/dipl_masonry_gallery][\/et_pb_column][et_pb_column type=&#8221;1_3&#8243; _builder_version=&#8221;4.9.7&#8243; _module_preset=&#8221;default&#8221;][et_pb_text _builder_version=&#8221;4.9.7&#8243; _module_preset=&#8221;default&#8221; text_text_color=&#8221;#0095d9&#8243; text_font_size=&#8221;22px&#8221; custom_margin=&#8221;||1%||false|false&#8221;]1 d\u00e9c. 2010\n<h2>le.moniteur<\/h2>[\/et_pb_text][dipl_masonry_gallery image_ids=&#8221;2540,2542&#8243; number_of_columns=&#8221;2&#8243; image_size=&#8221;full&#8221; enable_lightbox=&#8221;on&#8221; _builder_version=&#8221;4.9.7&#8243; _module_preset=&#8221;default&#8221;][\/dipl_masonry_gallery][\/et_pb_column][\/et_pb_row][et_pb_row column_structure=&#8221;1_3,1_3,1_3&#8243; _builder_version=&#8221;4.9.7&#8243; _module_preset=&#8221;default&#8221; width=&#8221;90%&#8221; max_width=&#8221;90%&#8221;][et_pb_column type=&#8221;1_3&#8243; _builder_version=&#8221;4.9.7&#8243; _module_preset=&#8221;default&#8221;][et_pb_text _builder_version=&#8221;4.9.7&#8243; _module_preset=&#8221;default&#8221; text_text_color=&#8221;#0095d9&#8243; text_font_size=&#8221;22px&#8221; custom_margin=&#8221;||1%||false|false&#8221;]1 mai 2010\n<h2>ideat<\/h2>[\/et_pb_text][dipl_masonry_gallery image_ids=&#8221;2544,2546&#8243; number_of_columns=&#8221;2&#8243; image_size=&#8221;full&#8221; enable_lightbox=&#8221;on&#8221; _builder_version=&#8221;4.9.7&#8243; _module_preset=&#8221;default&#8221;][\/dipl_masonry_gallery][\/et_pb_column][et_pb_column type=&#8221;1_3&#8243; _builder_version=&#8221;4.9.7&#8243; _module_preset=&#8221;default&#8221;][et_pb_text _builder_version=&#8221;4.9.7&#8243; _module_preset=&#8221;default&#8221; text_text_color=&#8221;#0095d9&#8243; text_font_size=&#8221;22px&#8221; custom_margin=&#8221;||1%||false|false&#8221;]1 f\u00e9vr. 2009\n<h2>AD<\/h2>[\/et_pb_text][dipl_masonry_gallery image_ids=&#8221;2548,2550,2552,2554,2556&#8243; number_of_columns=&#8221;2&#8243; image_size=&#8221;full&#8221; enable_lightbox=&#8221;on&#8221; _builder_version=&#8221;4.9.7&#8243; _module_preset=&#8221;default&#8221;][\/dipl_masonry_gallery][\/et_pb_column][et_pb_column type=&#8221;1_3&#8243; _builder_version=&#8221;4.9.7&#8243; _module_preset=&#8221;default&#8221;][et_pb_text _builder_version=&#8221;4.9.7&#8243; _module_preset=&#8221;default&#8221; text_text_color=&#8221;#0095d9&#8243; text_font_size=&#8221;22px&#8221; custom_margin=&#8221;||1%||false|false&#8221;]1 f\u00e9vr. 2007\n<h2>artravel<\/h2>[\/et_pb_text][dipl_masonry_gallery image_ids=&#8221;2558,2560,2562,2564&#8243; number_of_columns=&#8221;2&#8243; image_size=&#8221;full&#8221; enable_lightbox=&#8221;on&#8221; _builder_version=&#8221;4.9.7&#8243; _module_preset=&#8221;default&#8221;][\/dipl_masonry_gallery][\/et_pb_column][\/et_pb_row][et_pb_row column_structure=&#8221;1_3,1_3,1_3&#8243; _builder_version=&#8221;4.9.7&#8243; _module_preset=&#8221;default&#8221; width=&#8221;90%&#8221; max_width=&#8221;90%&#8221;][et_pb_column type=&#8221;1_3&#8243; _builder_version=&#8221;4.9.7&#8243; _module_preset=&#8221;default&#8221;][et_pb_text _builder_version=&#8221;4.9.7&#8243; _module_preset=&#8221;default&#8221; text_text_color=&#8221;#0095d9&#8243; text_font_size=&#8221;22px&#8221; custom_margin=&#8221;||1%||false|false&#8221;]1 f\u00e9vr. 2007\n<h2>AD<\/h2>[\/et_pb_text][dipl_masonry_gallery image_ids=&#8221;2566&#8243; number_of_columns=&#8221;1&#8243; image_size=&#8221;full&#8221; enable_lightbox=&#8221;on&#8221; _builder_version=&#8221;4.9.7&#8243; _module_preset=&#8221;default&#8221;][\/dipl_masonry_gallery][\/et_pb_column][et_pb_column type=&#8221;1_3&#8243; _builder_version=&#8221;4.9.7&#8243; _module_preset=&#8221;default&#8221;][et_pb_text _builder_version=&#8221;4.9.7&#8243; _module_preset=&#8221;default&#8221; text_text_color=&#8221;#0095d9&#8243; text_font_size=&#8221;22px&#8221; custom_margin=&#8221;||1%||false|false&#8221;]23 mars 2006\n<h2>avivre<\/h2>[\/et_pb_text][dipl_masonry_gallery image_ids=&#8221;2568,2570&#8243; number_of_columns=&#8221;2&#8243; image_size=&#8221;full&#8221; enable_lightbox=&#8221;on&#8221; _builder_version=&#8221;4.9.7&#8243; _module_preset=&#8221;default&#8221;][\/dipl_masonry_gallery][\/et_pb_column][et_pb_column type=&#8221;1_3&#8243; _builder_version=&#8221;4.9.7&#8243; _module_preset=&#8221;default&#8221;][et_pb_text _builder_version=&#8221;4.9.7&#8243; _module_preset=&#8221;default&#8221; text_text_color=&#8221;#0095d9&#8243; text_font_size=&#8221;22px&#8221; custom_margin=&#8221;||1%||false|false&#8221;]23 d\u00e9c. 2005\n<h2>icon<\/h2>[\/et_pb_text][dipl_masonry_gallery image_ids=&#8221;2572,2574&#8243; number_of_columns=&#8221;2&#8243; image_size=&#8221;full&#8221; enable_lightbox=&#8221;on&#8221; _builder_version=&#8221;4.9.7&#8243; _module_preset=&#8221;default&#8221;][\/dipl_masonry_gallery][\/et_pb_column][\/et_pb_row][\/et_pb_section]\n","protected":false},"excerpt":{"rendered":"<p>PUBLICATIONS22 juin 2021 Mention sp\u00e9ciale pour le Multiplex de B\u00e9thune &#8211; architizer.com<div class=\"et_pb_module dipl_masonry_gallery dipl_masonry_gallery_0\">\n\t\t\t\t\n\t\t\t\t\n\t\t\t\t\n\t\t\t\t\n\t\t\t\t\n\t\t\t\t\n\t\t\t\t<div class=\"et_pb_module_inner\">\n\t\t\t\t\t<div class=\"dipl_masonry_gallery_wrapper\">\n\t\t\t\t<div class=\"dipl_masonry_gallery_item_gutter\"><\/div>\n\t\t\t\t<a href=\"https:\/\/olivierpalatre.com\/wp-content\/uploads\/2021\/06\/1624358162580CINE_ETOILE_BETHUNE_Photo_Luc_Boegly-029.jpg\" class=\"dipl_masonry_gallery_item\">\n\t\t\t\t\t\t<div class=\"dipl_masonry_gallery_image_wrapper\"><img width=\"1680\" height=\"1173\" src=\"https:\/\/olivierpalatre.com\/wp-content\/uploads\/2021\/06\/1624358162580CINE_ETOILE_BETHUNE_Photo_Luc_Boegly-029.jpg\" class=\"attachment-full size-full no-lazyload skip-lazy\" alt=\"\" decoding=\"async\" srcset=\"https:\/\/olivierpalatre.com\/wp-content\/uploads\/2021\/06\/1624358162580CINE_ETOILE_BETHUNE_Photo_Luc_Boegly-029.jpg 1680w, https:\/\/olivierpalatre.com\/wp-content\/uploads\/2021\/06\/1624358162580CINE_ETOILE_BETHUNE_Photo_Luc_Boegly-029-1280x894.jpg 1280w, https:\/\/olivierpalatre.com\/wp-content\/uploads\/2021\/06\/1624358162580CINE_ETOILE_BETHUNE_Photo_Luc_Boegly-029-980x684.jpg 980w, https:\/\/olivierpalatre.com\/wp-content\/uploads\/2021\/06\/1624358162580CINE_ETOILE_BETHUNE_Photo_Luc_Boegly-029-480x335.jpg 480w\" sizes=\"(min-width: 0px) and (max-width: 480px) 480px, (min-width: 481px) and (max-width: 980px) 980px, (min-width: 981px) and (max-width: 1280px) 1280px, (min-width: 1281px) 1680px, 100vw\" \/> <\/div>\n\t\t\t\t\t\t\n\t\t\t\t\t<\/a>\n\t\t\t<\/div>\n\t\t\t\t<\/div>\n\t\t\t<\/div>4 mais 2021 \u00c0 Biarritz, le cin\u00e9ma Le Royal a trouv\u00e9 son repreneur &#8211; Boxofficepro.fr<div class=\"et_pb_module dipl_masonry_gallery dipl_masonry_gallery_1\">\n\t\t\t\t\n\t\t\t\t\n\t\t\t\t\n\t\t\t\t\n\t\t\t\t\n\t\t\t\t\n\t\t\t\t<div class=\"et_pb_module_inner\">\n\t\t\t\t\t<div class=\"dipl_masonry_gallery_wrapper\">\n\t\t\t\t<div class=\"dipl_masonry_gallery_item_gutter\"><\/div>\n\t\t\t\t<a href=\"https:\/\/olivierpalatre.com\/wp-content\/uploads\/2021\/06\/Royal.jpeg\" class=\"dipl_masonry_gallery_item\">\n\t\t\t\t\t\t<div class=\"dipl_masonry_gallery_image_wrapper\"><img width=\"2040\" height=\"1530\" src=\"https:\/\/olivierpalatre.com\/wp-content\/uploads\/2021\/06\/Royal.jpeg\" class=\"attachment-full size-full no-lazyload skip-lazy\" alt=\"\" decoding=\"async\" srcset=\"https:\/\/olivierpalatre.com\/wp-content\/uploads\/2021\/06\/Royal.jpeg 2040w, https:\/\/olivierpalatre.com\/wp-content\/uploads\/2021\/06\/Royal-1280x960.jpeg 1280w, https:\/\/olivierpalatre.com\/wp-content\/uploads\/2021\/06\/Royal-980x735.jpeg 980w, https:\/\/olivierpalatre.com\/wp-content\/uploads\/2021\/06\/Royal-480x360.jpeg 480w\" sizes=\"(min-width: 0px) and (max-width: 480px) 480px, (min-width: 481px) and (max-width: 980px) 980px, (min-width: 981px) and (max-width: 1280px) 1280px, (min-width: 1281px) 2040px, 100vw\" \/> <\/div>\n\t\t\t\t\t\t\n\t\t\t\t\t<\/a>\n\t\t\t<\/div>\n\t\t\t\t<\/div>\n\t\t\t<\/div>14 avr. 2021 La cour administrative d&#8217;appel de Paris rejette les recours d\u00e9pos\u00e9s contre [&hellip;]<\/p>\n","protected":false},"author":1,"featured_media":0,"parent":0,"menu_order":0,"comment_status":"closed","ping_status":"closed","template":"","meta":{"_et_pb_use_builder":"on","_et_pb_old_content":"","_et_gb_content_width":"","footnotes":""},"class_list":["post-3696","page","type-page","status-publish","hentry"],"yoast_head":"<title>Publications - Olivier Palatre Architecte<\/title>\n<meta name=\"description\" content=\"Selection of publications concerning the projects of the agency Olivier Palatre Architects.\" \/>\n<meta name=\"robots\" content=\"index, follow, max-snippet:-1, max-image-preview:large, max-video-preview:-1\" \/>\n<link rel=\"canonical\" href=\"https:\/\/olivierpalatre.com\/en\/publications\/\" \/>\n<meta property=\"og:locale\" content=\"en_US\" \/>\n<meta property=\"og:type\" content=\"article\" \/>\n<meta property=\"og:title\" content=\"Publications - Olivier Palatre Architecte\" \/>\n<meta property=\"og:description\" content=\"Selection of publications concerning the projects of the agency Olivier Palatre Architects.\" \/>\n<meta property=\"og:url\" content=\"https:\/\/olivierpalatre.com\/en\/publications\/\" \/>\n<meta property=\"og:site_name\" content=\"Olivier Palatre Architecte\" \/>\n<meta property=\"article:publisher\" content=\"https:\/\/www.facebook.com\/Olivier-Palatre-Architectes-300975431028\" \/>\n<meta property=\"article:modified_time\" content=\"2021-08-31T12:32:28+00:00\" \/>\n<meta property=\"og:image\" content=\"https:\/\/olivierpalatre.com\/wp-content\/uploads\/2021\/07\/olivier-palatre-architecte-v3.jpg\" \/>\n\t<meta property=\"og:image:width\" content=\"1920\" \/>\n\t<meta property=\"og:image:height\" content=\"1080\" \/>\n\t<meta property=\"og:image:type\" content=\"image\/jpeg\" \/>\n<meta name=\"twitter:card\" content=\"summary_large_image\" \/>\n<meta name=\"twitter:site\" content=\"@olivierpalatre\" \/>\n<meta name=\"twitter:label1\" content=\"Est. reading time\" \/>\n\t<meta name=\"twitter:data1\" content=\"20 minutes\" \/>\n<script type=\"application\/ld+json\" class=\"yoast-schema-graph\">{\"@context\":\"https:\\\/\\\/schema.org\",\"@graph\":[{\"@type\":\"WebPage\",\"@id\":\"https:\\\/\\\/olivierpalatre.com\\\/en\\\/publications\\\/\",\"url\":\"https:\\\/\\\/olivierpalatre.com\\\/en\\\/publications\\\/\",\"name\":\"Publications - Olivier Palatre Architecte\",\"isPartOf\":{\"@id\":\"https:\\\/\\\/olivierpalatre.com\\\/#website\"},\"datePublished\":\"2021-08-31T12:27:36+00:00\",\"dateModified\":\"2021-08-31T12:32:28+00:00\",\"description\":\"Selection of publications concerning the projects of the agency Olivier Palatre Architects.\",\"breadcrumb\":{\"@id\":\"https:\\\/\\\/olivierpalatre.com\\\/en\\\/publications\\\/#breadcrumb\"},\"inLanguage\":\"en-US\",\"potentialAction\":[{\"@type\":\"ReadAction\",\"target\":[\"https:\\\/\\\/olivierpalatre.com\\\/en\\\/publications\\\/\"]}]},{\"@type\":\"BreadcrumbList\",\"@id\":\"https:\\\/\\\/olivierpalatre.com\\\/en\\\/publications\\\/#breadcrumb\",\"itemListElement\":[{\"@type\":\"ListItem\",\"position\":1,\"name\":\"Accueil\",\"item\":\"https:\\\/\\\/olivierpalatre.com\\\/en\\\/\"},{\"@type\":\"ListItem\",\"position\":2,\"name\":\"Publications\"}]},{\"@type\":\"WebSite\",\"@id\":\"https:\\\/\\\/olivierpalatre.com\\\/#website\",\"url\":\"https:\\\/\\\/olivierpalatre.com\\\/\",\"name\":\"Olivier Palatre Architecte\",\"description\":\"Agence d\u2019architecture environnementale \u00e0 projets mixtes\",\"potentialAction\":[{\"@type\":\"SearchAction\",\"target\":{\"@type\":\"EntryPoint\",\"urlTemplate\":\"https:\\\/\\\/olivierpalatre.com\\\/?s={search_term_string}\"},\"query-input\":{\"@type\":\"PropertyValueSpecification\",\"valueRequired\":true,\"valueName\":\"search_term_string\"}}],\"inLanguage\":\"en-US\"}]}<\/script>","yoast_head_json":{"title":"Publications - Olivier Palatre Architecte","description":"Selection of publications concerning the projects of the agency Olivier Palatre Architects.","robots":{"index":"index","follow":"follow","max-snippet":"max-snippet:-1","max-image-preview":"max-image-preview:large","max-video-preview":"max-video-preview:-1"},"canonical":"https:\/\/olivierpalatre.com\/en\/publications\/","og_locale":"en_US","og_type":"article","og_title":"Publications - Olivier Palatre Architecte","og_description":"Selection of publications concerning the projects of the agency Olivier Palatre Architects.","og_url":"https:\/\/olivierpalatre.com\/en\/publications\/","og_site_name":"Olivier Palatre Architecte","article_publisher":"https:\/\/www.facebook.com\/Olivier-Palatre-Architectes-300975431028","article_modified_time":"2021-08-31T12:32:28+00:00","og_image":[{"width":1920,"height":1080,"url":"https:\/\/olivierpalatre.com\/wp-content\/uploads\/2021\/07\/olivier-palatre-architecte-v3.jpg","type":"image\/jpeg"}],"twitter_card":"summary_large_image","twitter_site":"@olivierpalatre","twitter_misc":{"Est. reading time":"20 minutes"},"schema":{"@context":"https:\/\/schema.org","@graph":[{"@type":"WebPage","@id":"https:\/\/olivierpalatre.com\/en\/publications\/","url":"https:\/\/olivierpalatre.com\/en\/publications\/","name":"Publications - Olivier Palatre Architecte","isPartOf":{"@id":"https:\/\/olivierpalatre.com\/#website"},"datePublished":"2021-08-31T12:27:36+00:00","dateModified":"2021-08-31T12:32:28+00:00","description":"Selection of publications concerning the projects of the agency Olivier Palatre Architects.","breadcrumb":{"@id":"https:\/\/olivierpalatre.com\/en\/publications\/#breadcrumb"},"inLanguage":"en-US","potentialAction":[{"@type":"ReadAction","target":["https:\/\/olivierpalatre.com\/en\/publications\/"]}]},{"@type":"BreadcrumbList","@id":"https:\/\/olivierpalatre.com\/en\/publications\/#breadcrumb","itemListElement":[{"@type":"ListItem","position":1,"name":"Accueil","item":"https:\/\/olivierpalatre.com\/en\/"},{"@type":"ListItem","position":2,"name":"Publications"}]},{"@type":"WebSite","@id":"https:\/\/olivierpalatre.com\/#website","url":"https:\/\/olivierpalatre.com\/","name":"Olivier Palatre Architecte","description":"Agence d\u2019architecture environnementale \u00e0 projets mixtes","potentialAction":[{"@type":"SearchAction","target":{"@type":"EntryPoint","urlTemplate":"https:\/\/olivierpalatre.com\/?s={search_term_string}"},"query-input":{"@type":"PropertyValueSpecification","valueRequired":true,"valueName":"search_term_string"}}],"inLanguage":"en-US"}]}},"_links":{"self":[{"href":"https:\/\/olivierpalatre.com\/en\/wp-json\/wp\/v2\/pages\/3696","targetHints":{"allow":["GET"]}}],"collection":[{"href":"https:\/\/olivierpalatre.com\/en\/wp-json\/wp\/v2\/pages"}],"about":[{"href":"https:\/\/olivierpalatre.com\/en\/wp-json\/wp\/v2\/types\/page"}],"author":[{"embeddable":true,"href":"https:\/\/olivierpalatre.com\/en\/wp-json\/wp\/v2\/users\/1"}],"replies":[{"embeddable":true,"href":"https:\/\/olivierpalatre.com\/en\/wp-json\/wp\/v2\/comments?post=3696"}],"version-history":[{"count":4,"href":"https:\/\/olivierpalatre.com\/en\/wp-json\/wp\/v2\/pages\/3696\/revisions"}],"predecessor-version":[{"id":3703,"href":"https:\/\/olivierpalatre.com\/en\/wp-json\/wp\/v2\/pages\/3696\/revisions\/3703"}],"wp:attachment":[{"href":"https:\/\/olivierpalatre.com\/en\/wp-json\/wp\/v2\/media?parent=3696"}],"curies":[{"name":"wp","href":"https:\/\/api.w.org\/{rel}","templated":true}]}}